{"id":2538,"date":"2022-12-06T16:17:43","date_gmt":"2022-12-06T15:17:43","guid":{"rendered":"https:\/\/paillettesgraphiques.fr\/?post_type=portfolio-item&#038;p=2538"},"modified":"2022-12-06T16:17:54","modified_gmt":"2022-12-06T15:17:54","slug":"femmes-fieres-portraits","status":"publish","type":"portfolio-item","link":"https:\/\/paillettesgraphiques.fr\/index.php\/portfolio-item\/femmes-fieres-portraits\/","title":{"rendered":"Femmes fi\u00e8res &#8211; portraits"},"content":{"rendered":"\n<p>Travail d&rsquo;illustration sur le pouvoir des femmes et leur aura. Des femmes puissantes qui nous regardent ou sont la t\u00eate haute. <\/p>\n","protected":false},"excerpt":{"rendered":"<p>Travail d&rsquo;illustration sur le pouvoir des femmes et leur aura. Des femmes puissantes qui nous regardent ou sont la t\u00eate haute.<\/p>\n","protected":false},"author":1,"featured_media":2545,"menu_order":0,"comment_status":"open","ping_status":"closed","template":"","portfolio-category":[29],"portfolio-tag":[54,33],"class_list":["post-2538","portfolio-item","type-portfolio-item","status-publish","has-post-thumbnail","hentry","portfolio-category-illustration","portfolio-tag-femme","portfolio-tag-procreate"],"yoast_head":"<!-- This site is optimized with the Yoast SEO plugin v25.5 - https:\/\/yoast.com\/wordpress\/plugins\/seo\/ -->\n<title>Femmes fi\u00e8res - portraits - paillettesgraphiques.fr<\/title>\n<meta name=\"robots\" content=\"index, follow, max-snippet:-1, max-image-preview:large, max-video-preview:-1\" \/>\n<link rel=\"canonical\" href=\"https:\/\/paillettesgraphiques.fr\/index.php\/portfolio-item\/femmes-fieres-portraits\/\" \/>\n<meta property=\"og:locale\" content=\"fr_FR\" \/>\n<meta property=\"og:type\" content=\"article\" \/>\n<meta property=\"og:title\" content=\"Femmes fi\u00e8res - portraits - paillettesgraphiques.fr\" \/>\n<meta property=\"og:description\" content=\"Travail d&rsquo;illustration sur le pouvoir des femmes et leur aura. Des femmes puissantes qui nous regardent ou sont la t\u00eate haute.\" \/>\n<meta property=\"og:url\" content=\"https:\/\/paillettesgraphiques.fr\/index.php\/portfolio-item\/femmes-fieres-portraits\/\" \/>\n<meta property=\"og:site_name\" content=\"paillettesgraphiques.fr\" \/>\n<meta property=\"article:modified_time\" content=\"2022-12-06T15:17:54+00:00\" \/>\n<meta property=\"og:image\" content=\"https:\/\/paillettesgraphiques.fr\/wp-content\/uploads\/2022\/12\/Illustration_sans_titre-6.jpg\" \/>\n\t<meta property=\"og:image:width\" content=\"1360\" \/>\n\t<meta property=\"og:image:height\" content=\"1700\" \/>\n\t<meta property=\"og:image:type\" content=\"image\/jpeg\" \/>\n<meta name=\"twitter:card\" content=\"summary_large_image\" \/>\n<script type=\"application\/ld+json\" class=\"yoast-schema-graph\">{\"@context\":\"https:\/\/schema.org\",\"@graph\":[{\"@type\":\"WebPage\",\"@id\":\"https:\/\/paillettesgraphiques.fr\/index.php\/portfolio-item\/femmes-fieres-portraits\/\",\"url\":\"https:\/\/paillettesgraphiques.fr\/index.php\/portfolio-item\/femmes-fieres-portraits\/\",\"name\":\"Femmes fi\u00e8res - portraits - paillettesgraphiques.fr\",\"isPartOf\":{\"@id\":\"https:\/\/paillettesgraphiques.fr\/#website\"},\"primaryImageOfPage\":{\"@id\":\"https:\/\/paillettesgraphiques.fr\/index.php\/portfolio-item\/femmes-fieres-portraits\/#primaryimage\"},\"image\":{\"@id\":\"https:\/\/paillettesgraphiques.fr\/index.php\/portfolio-item\/femmes-fieres-portraits\/#primaryimage\"},\"thumbnailUrl\":\"https:\/\/paillettesgraphiques.fr\/wp-content\/uploads\/2022\/12\/Illustration_sans_titre-6.jpg\",\"datePublished\":\"2022-12-06T15:17:43+00:00\",\"dateModified\":\"2022-12-06T15:17:54+00:00\",\"breadcrumb\":{\"@id\":\"https:\/\/paillettesgraphiques.fr\/index.php\/portfolio-item\/femmes-fieres-portraits\/#breadcrumb\"},\"inLanguage\":\"fr-FR\",\"potentialAction\":[{\"@type\":\"ReadAction\",\"target\":[\"https:\/\/paillettesgraphiques.fr\/index.php\/portfolio-item\/femmes-fieres-portraits\/\"]}]},{\"@type\":\"ImageObject\",\"inLanguage\":\"fr-FR\",\"@id\":\"https:\/\/paillettesgraphiques.fr\/index.php\/portfolio-item\/femmes-fieres-portraits\/#primaryimage\",\"url\":\"https:\/\/paillettesgraphiques.fr\/wp-content\/uploads\/2022\/12\/Illustration_sans_titre-6.jpg\",\"contentUrl\":\"https:\/\/paillettesgraphiques.fr\/wp-content\/uploads\/2022\/12\/Illustration_sans_titre-6.jpg\",\"width\":1360,\"height\":1700,\"caption\":\"Illustration portrait d'une femme tatou\u00e9e avec lunettes de soleil et foulard dans les cheveux. Arri\u00e8re plan avec carreaux roses et plantes vertes. Veste nude. Grandes boucles d'oreille dor\u00e9es. par paillettes graphiques, illustratrice freelance.\"},{\"@type\":\"BreadcrumbList\",\"@id\":\"https:\/\/paillettesgraphiques.fr\/index.php\/portfolio-item\/femmes-fieres-portraits\/#breadcrumb\",\"itemListElement\":[{\"@type\":\"ListItem\",\"position\":1,\"name\":\"Home\",\"item\":\"https:\/\/paillettesgraphiques.fr\/\"},{\"@type\":\"ListItem\",\"position\":2,\"name\":\"Qode Portfolio\",\"item\":\"https:\/\/paillettesgraphiques.fr\/index.php\/portfolio-item\/\"},{\"@type\":\"ListItem\",\"position\":3,\"name\":\"Femmes fi\u00e8res &#8211; portraits\"}]},{\"@type\":\"WebSite\",\"@id\":\"https:\/\/paillettesgraphiques.fr\/#website\",\"url\":\"https:\/\/paillettesgraphiques.fr\/\",\"name\":\"paillettesgraphiques.fr\",\"description\":\"Studio graphique optimiste et engag\u00e9, pour la cr\u00e9ation de logos, identit\u00e9 visuelles, illustration et supports de communication\",\"publisher\":{\"@id\":\"https:\/\/paillettesgraphiques.fr\/#\/schema\/person\/50549484803227b01c46b3c0bf3a88ac\"},\"potentialAction\":[{\"@type\":\"SearchAction\",\"target\":{\"@type\":\"EntryPoint\",\"urlTemplate\":\"https:\/\/paillettesgraphiques.fr\/?s={search_term_string}\"},\"query-input\":{\"@type\":\"PropertyValueSpecification\",\"valueRequired\":true,\"valueName\":\"search_term_string\"}}],\"inLanguage\":\"fr-FR\"},{\"@type\":[\"Person\",\"Organization\"],\"@id\":\"https:\/\/paillettesgraphiques.fr\/#\/schema\/person\/50549484803227b01c46b3c0bf3a88ac\",\"name\":\"blandine\",\"image\":{\"@type\":\"ImageObject\",\"inLanguage\":\"fr-FR\",\"@id\":\"https:\/\/paillettesgraphiques.fr\/#\/schema\/person\/image\/\",\"url\":\"https:\/\/paillettesgraphiques.fr\/wp-content\/uploads\/2022\/11\/cropped-logo-long.png\",\"contentUrl\":\"https:\/\/paillettesgraphiques.fr\/wp-content\/uploads\/2022\/11\/cropped-logo-long.png\",\"width\":2310,\"height\":376,\"caption\":\"blandine\"},\"logo\":{\"@id\":\"https:\/\/paillettesgraphiques.fr\/#\/schema\/person\/image\/\"},\"sameAs\":[\"http:\/\/paillettesgraphiques.fr\"]}]}<\/script>\n<!-- \/ Yoast SEO plugin. -->","yoast_head_json":{"title":"Femmes fi\u00e8res - portraits - paillettesgraphiques.fr","robots":{"index":"index","follow":"follow","max-snippet":"max-snippet:-1","max-image-preview":"max-image-preview:large","max-video-preview":"max-video-preview:-1"},"canonical":"https:\/\/paillettesgraphiques.fr\/index.php\/portfolio-item\/femmes-fieres-portraits\/","og_locale":"fr_FR","og_type":"article","og_title":"Femmes fi\u00e8res - portraits - paillettesgraphiques.fr","og_description":"Travail d&rsquo;illustration sur le pouvoir des femmes et leur aura. Des femmes puissantes qui nous regardent ou sont la t\u00eate haute.","og_url":"https:\/\/paillettesgraphiques.fr\/index.php\/portfolio-item\/femmes-fieres-portraits\/","og_site_name":"paillettesgraphiques.fr","article_modified_time":"2022-12-06T15:17:54+00:00","og_image":[{"width":1360,"height":1700,"url":"https:\/\/paillettesgraphiques.fr\/wp-content\/uploads\/2022\/12\/Illustration_sans_titre-6.jpg","type":"image\/jpeg"}],"twitter_card":"summary_large_image","schema":{"@context":"https:\/\/schema.org","@graph":[{"@type":"WebPage","@id":"https:\/\/paillettesgraphiques.fr\/index.php\/portfolio-item\/femmes-fieres-portraits\/","url":"https:\/\/paillettesgraphiques.fr\/index.php\/portfolio-item\/femmes-fieres-portraits\/","name":"Femmes fi\u00e8res - portraits - paillettesgraphiques.fr","isPartOf":{"@id":"https:\/\/paillettesgraphiques.fr\/#website"},"primaryImageOfPage":{"@id":"https:\/\/paillettesgraphiques.fr\/index.php\/portfolio-item\/femmes-fieres-portraits\/#primaryimage"},"image":{"@id":"https:\/\/paillettesgraphiques.fr\/index.php\/portfolio-item\/femmes-fieres-portraits\/#primaryimage"},"thumbnailUrl":"https:\/\/paillettesgraphiques.fr\/wp-content\/uploads\/2022\/12\/Illustration_sans_titre-6.jpg","datePublished":"2022-12-06T15:17:43+00:00","dateModified":"2022-12-06T15:17:54+00:00","breadcrumb":{"@id":"https:\/\/paillettesgraphiques.fr\/index.php\/portfolio-item\/femmes-fieres-portraits\/#breadcrumb"},"inLanguage":"fr-FR","potentialAction":[{"@type":"ReadAction","target":["https:\/\/paillettesgraphiques.fr\/index.php\/portfolio-item\/femmes-fieres-portraits\/"]}]},{"@type":"ImageObject","inLanguage":"fr-FR","@id":"https:\/\/paillettesgraphiques.fr\/index.php\/portfolio-item\/femmes-fieres-portraits\/#primaryimage","url":"https:\/\/paillettesgraphiques.fr\/wp-content\/uploads\/2022\/12\/Illustration_sans_titre-6.jpg","contentUrl":"https:\/\/paillettesgraphiques.fr\/wp-content\/uploads\/2022\/12\/Illustration_sans_titre-6.jpg","width":1360,"height":1700,"caption":"Illustration portrait d'une femme tatou\u00e9e avec lunettes de soleil et foulard dans les cheveux. Arri\u00e8re plan avec carreaux roses et plantes vertes. Veste nude. Grandes boucles d'oreille dor\u00e9es. par paillettes graphiques, illustratrice freelance."},{"@type":"BreadcrumbList","@id":"https:\/\/paillettesgraphiques.fr\/index.php\/portfolio-item\/femmes-fieres-portraits\/#breadcrumb","itemListElement":[{"@type":"ListItem","position":1,"name":"Home","item":"https:\/\/paillettesgraphiques.fr\/"},{"@type":"ListItem","position":2,"name":"Qode Portfolio","item":"https:\/\/paillettesgraphiques.fr\/index.php\/portfolio-item\/"},{"@type":"ListItem","position":3,"name":"Femmes fi\u00e8res &#8211; portraits"}]},{"@type":"WebSite","@id":"https:\/\/paillettesgraphiques.fr\/#website","url":"https:\/\/paillettesgraphiques.fr\/","name":"paillettesgraphiques.fr","description":"Studio graphique optimiste et engag\u00e9, pour la cr\u00e9ation de logos, identit\u00e9 visuelles, illustration et supports de communication","publisher":{"@id":"https:\/\/paillettesgraphiques.fr\/#\/schema\/person\/50549484803227b01c46b3c0bf3a88ac"},"potentialAction":[{"@type":"SearchAction","target":{"@type":"EntryPoint","urlTemplate":"https:\/\/paillettesgraphiques.fr\/?s={search_term_string}"},"query-input":{"@type":"PropertyValueSpecification","valueRequired":true,"valueName":"search_term_string"}}],"inLanguage":"fr-FR"},{"@type":["Person","Organization"],"@id":"https:\/\/paillettesgraphiques.fr\/#\/schema\/person\/50549484803227b01c46b3c0bf3a88ac","name":"blandine","image":{"@type":"ImageObject","inLanguage":"fr-FR","@id":"https:\/\/paillettesgraphiques.fr\/#\/schema\/person\/image\/","url":"https:\/\/paillettesgraphiques.fr\/wp-content\/uploads\/2022\/11\/cropped-logo-long.png","contentUrl":"https:\/\/paillettesgraphiques.fr\/wp-content\/uploads\/2022\/11\/cropped-logo-long.png","width":2310,"height":376,"caption":"blandine"},"logo":{"@id":"https:\/\/paillettesgraphiques.fr\/#\/schema\/person\/image\/"},"sameAs":["http:\/\/paillettesgraphiques.fr"]}]}},"_links":{"self":[{"href":"https:\/\/paillettesgraphiques.fr\/index.php\/wp-json\/wp\/v2\/portfolio-item\/2538","targetHints":{"allow":["GET"]}}],"collection":[{"href":"https:\/\/paillettesgraphiques.fr\/index.php\/wp-json\/wp\/v2\/portfolio-item"}],"about":[{"href":"https:\/\/paillettesgraphiques.fr\/index.php\/wp-json\/wp\/v2\/types\/portfolio-item"}],"author":[{"embeddable":true,"href":"https:\/\/paillettesgraphiques.fr\/index.php\/wp-json\/wp\/v2\/users\/1"}],"replies":[{"embeddable":true,"href":"https:\/\/paillettesgraphiques.fr\/index.php\/wp-json\/wp\/v2\/comments?post=2538"}],"wp:featuredmedia":[{"embeddable":true,"href":"https:\/\/paillettesgraphiques.fr\/index.php\/wp-json\/wp\/v2\/media\/2545"}],"wp:attachment":[{"href":"https:\/\/paillettesgraphiques.fr\/index.php\/wp-json\/wp\/v2\/media?parent=2538"}],"wp:term":[{"taxonomy":"portfolio-category","embeddable":true,"href":"https:\/\/paillettesgraphiques.fr\/index.php\/wp-json\/wp\/v2\/portfolio-category?post=2538"},{"taxonomy":"portfolio-tag","embeddable":true,"href":"https:\/\/paillettesgraphiques.fr\/index.php\/wp-json\/wp\/v2\/portfolio-tag?post=2538"}],"curies":[{"name":"wp","href":"https:\/\/api.w.org\/{rel}","templated":true}]}}